{"id":1096,"date":"2019-01-25T11:55:46","date_gmt":"2019-01-25T11:55:46","guid":{"rendered":"http:\/\/nagykokenyes.hu\/?page_id=1096"},"modified":"2021-08-26T20:54:21","modified_gmt":"2021-08-26T18:54:21","slug":"vasut-fejlesztesi-munkak-miatti-menetrend-valtozasok","status":"publish","type":"page","link":"https:\/\/nagykokenyes.hu\/?page_id=1096","title":{"rendered":"Balesetmegel\u0151z\u00e9s"},"content":{"rendered":"<p style=\"text-align: justify;\"><strong>Tisztelt Olvas\u00f3!<\/strong><\/p>\n<p style=\"text-align: justify;\">Levelet kaptam N\u00f3gr\u00e1di G\u00e1bor \u00edr\u00f3t\u00f3l, akinek ifj\u00fas\u00e1gi reg\u00e9nyei, forgat\u00f3k\u00f6nyvei mindannyiunk sz\u00e1m\u00e1ra ismer\u0151sek. Seg\u00edts\u00e9get k\u00e9rt, de val\u00f3j\u00e1ban ez a seg\u00edts\u00e9g egy \u00f6nzetlen felaj\u00e1nl\u00e1s volt, hiszen azt k\u00e9rte, hogy helyezz\u00fck el baleset-megel\u0151z\u00e9si k\u00f6nyveinek linkj\u00e9t a honlapunkon, annak \u00e9rdek\u00e9ben, hogy min\u00e9l kevesebb s\u00e9r\u00fcl\u00e9s, vagy \u00e9ppen hal\u00e1los trag\u00e9dia k\u00f6vetkezzen be.<\/p>\n<p style=\"text-align: justify;\">M\u00e9g tart a ny\u00e1r, a vak\u00e1ci\u00f3, de hamarosan itt az \u0151sz \u00e9s megannyi vesz\u00e9ly leselkedik gyermekeinkre.<\/p>\n<p style=\"text-align: justify;\"><strong>V\u00c9DJ\u00dcK MEG AZOKAT, AKIK\u00c9RT FELEL\u0150SS\u00c9GEL TARTOZUNK!<\/strong><\/p>\n<p>INGYENESEN LET\u00d6LTHET\u0150 BALESET- \u00c9S B\u0170NMEGEL\u0150Z\u0150 K\u00c9PESK\u00d6NYVEK:<\/p>\n<p>N\u00f3gr\u00e1di G\u00e1bor &#8211; Cak\u00f3 Ferenc:<\/p>\n<ul>\n<li><strong>Nyeregbe, sr\u00e1cok!:<\/strong> <a href=\"http:\/\/bit.ly\/nogradi_nyeregbe\">http:\/\/bit.ly\/nogradi_nyeregbe<\/a>\u00a0 (A ker\u00e9kp\u00e1roz\u00e1s vesz\u00e9lyei)<\/li>\n<li><strong>Hova n\u00e9zel, Papa?:<\/strong> <a href=\"http:\/\/bit.ly\/nogradi_hova_nezel_papa\">http:\/\/bit.ly\/nogradi_hova_nezel_papa<\/a> (A mobiloz\u00e1s kock\u00e1zatai.)<\/li>\n<li><strong>Tolvaj! Tolvaj!:<\/strong> <a href=\"http:\/\/bit.ly\/nogradi_tolvaj_tolvaj\">http:\/\/bit.ly\/nogradi_tolvaj_tolvaj<\/a> (B\u0171nmegel\u0151z\u00e9s.)<\/li>\n<li><strong>Vigy\u00e1zz otthon! <\/strong><a href=\"https:\/\/nogradi.hu\/konyvek\/ingyenes\/Nogradi_Gabor_Vigyazz_otthon.pdf\">https:\/\/nogradi.hu\/konyvek\/ingyenes\/Nogradi_Gabor_Vigyazz_otthon.pdf<\/a><\/li>\n<li><strong>Iden\u00e9zek, odan\u00e9zek <\/strong><a href=\"https:\/\/bit.ly\/nogradi_idenezekodanezek\">https:\/\/bit.ly\/nogradi_idenezekodanezek<\/a><\/li>\n<\/ul>\n<p>&nbsp;<\/p>\n<p style=\"text-align: justify;\"><strong><a href=\"https:\/\/nagykokenyes.hu\/wp-content\/uploads\/2021\/08\/Nogradi.png\"><img loading=\"lazy\" decoding=\"async\" class=\" wp-image-4255 alignleft\" src=\"https:\/\/nagykokenyes.hu\/wp-content\/uploads\/2021\/08\/Nogradi.png\" alt=\"\" width=\"263\" height=\"175\" \/><\/a>N\u00f3gr\u00e1di G\u00e1bor<\/strong>\u00a0(1947-ben sz\u00fcletett Ny\u00edregyh\u00e1z\u00e1n) magyar\u00a0k\u00f6lt\u0151,\u00a0\u00edr\u00f3,\u00a0\u00fajs\u00e1g\u00edr\u00f3, hangj\u00e1t\u00e9k-, t\u00e9v\u00e9j\u00e1t\u00e9k- \u00e9s filmforgat\u00f3k\u00f6nyv-\u00edr\u00f3. \u00d6t\u00e9ves volt, amikor \u00e9desanyja megtan\u00edtotta \u00edrni, olvasni. 9-10 \u00e9ves kor\u00e1t\u00f3l \u00edrt verseket, majd k\u00e9s\u0151bb novell\u00e1kat, humoreszkeket. 1964 \u00f3ta publik\u00e1l, els\u0151 versesk\u00f6tete: a\u00a0<em>K\u00e9th\u00e1t\u00fa \u00e9let\u00fcnkben<\/em>\u00a0(1973), sikert hoz\u00f3 ifj\u00fas\u00e1gi reg\u00e9nye: a\u00a0<em><a href=\"https:\/\/hu.wikipedia.org\/wiki\/Gyerekrabl%C3%A1s_a_Pal%C3%A1nk_utc%C3%A1ban_(reg%C3%A9ny)\">Gyerekrabl\u00e1s a Pal\u00e1nk utc\u00e1ban<\/a><\/em>\u00a0(1983).<\/p>\n<p style=\"text-align: justify;\">2012-ben t\u00f6bb \u00e9vtizedes \u00edr\u00f3i munk\u00e1ss\u00e1g\u00e1nak elismer\u00e9s\u00e9\u00fcl \u00e1tvehette a nemzetk\u00f6zi IBBY (International Board on Books for Young People) \u00e9letm\u0171d\u00edjat.<\/p>\n<p>2013-ban Janikovszky \u00c9va-d\u00edjat kapott.<\/p>\n<p>&nbsp;<\/p>\n<p><strong>K\u00f6nyvei (<span style=\"font-size: 8pt;\"><em>Forr\u00e1s: <a href=\"https:\/\/hu.wikipedia.org\/\">https:\/\/hu.wikipedia.org<\/a><\/em><\/span>)<\/strong><\/p>\n<ul>\n<li><a href=\"https:\/\/hu.wikipedia.org\/wiki\/Gyerekrabl%C3%A1s_a_Pal%C3%A1nk_utc%C3%A1ban_(reg%C3%A9ny)\">Gyerekrabl\u00e1s a Pal\u00e1nk utc\u00e1ban<\/a>(1986)<sup><a href=\"https:\/\/hu.wikipedia.org\/wiki\/N%C3%B3gr%C3%A1di_G%C3%A1bor#cite_note-6\">[6]<\/a><\/sup><\/li>\n<li>Hecseki \u00e9s a kedves bet\u00f6r\u0151k (1987)<\/li>\n<li>Seg\u00edts\u00e9g, ember! (1989)<\/li>\n<li>Itt \u00e9lt\u00fcnk k\u00f6ztetek &#8211; \u00c1llats\u00edrversek (Anna Moll n\u00e9ven) (1990)<\/li>\n<li><a href=\"https:\/\/hu.wikipedia.org\/wiki\/A_mi_Kinizsink\">A mi Kinizsink<\/a>(1990)<\/li>\n<li>Hogyan nevelj\u00fcnk&#8230;? (1995)<\/li>\n<li>\u00dajra: Seg\u00edts\u00e9g, ember! (1996)<\/li>\n<li>No, \u00e9s hogyan nevelj\u00fck\u2026.? (1996)<\/li>\n<li>Galambnagymama (1996)\u00a0<a href=\"http:\/\/mek.oszk.hu\/02800\/02807\/index.phtml\">Online el\u00e9rhet\u0151s\u00e9g<\/a>(<a href=\"https:\/\/hu.wikipedia.org\/wiki\/Magyar_Elektronikus_K%C3%B6nyvt%C3%A1r\">MEK<\/a>)<\/li>\n<li>Mit jelent a piros kerek? Verses k\u00e9pesk\u00f6nyv (1997)<\/li>\n<li><a href=\"https:\/\/hu.wikipedia.org\/w\/index.php?title=Petepite&amp;action=edit&amp;redlink=1\">Petepite<\/a>(2000)<\/li>\n<li>Az anyu \u00e9n vagyok! (2002)<\/li>\n<li>A p\u00e9nz nem a f\u00e1kon n\u0151! (2003)<\/li>\n<li><a href=\"https:\/\/hu.wikipedia.org\/wiki\/Gyer%C3%BCnk_haza!\">Gyer\u00fcnk haza!<\/a>(2004)<\/li>\n<li><a href=\"https:\/\/hu.wikipedia.org\/w\/index.php?title=Ide_nekem_a_c%C3%ADmlapot_is!&amp;action=edit&amp;redlink=1\">Ide nekem a c\u00edmlapot is!<\/a>(A m\u00e9diakapcsolatok m\u0171v\u00e9szete) (2004)\u00a0<a href=\"http:\/\/mek.oszk.hu\/14300\/14314\/\">Online el\u00e9rhet\u0151s\u00e9g<\/a>\u00a0(<a href=\"https:\/\/hu.wikipedia.org\/wiki\/Magyar_Elektronikus_K%C3%B6nyvt%C3%A1r\">MEK<\/a>)<\/li>\n<li>\u00c9des Munyimunyi (2005)<\/li>\n<li>A b\u00e1ty\u00e1m zseni! (2006)<\/li>\n<li>N\u00e9zz r\u00e1m, mami! (2006)<\/li>\n<li><a href=\"https:\/\/hu.wikipedia.org\/wiki\/Marci_%C3%B6r%C3%B6ks%C3%A9ge\">Marci \u00f6r\u00f6ks\u00e9ge<\/a>(2007)<\/li>\n<li>Marci visszav\u00e1g (2008)<\/li>\n<li>Az \u00f6cs\u00e9m zseni (2009)<\/li>\n<\/ul>\n<p>&nbsp;<\/p>\n","protected":false},"excerpt":{"rendered":"<p>Tisztelt Olvas\u00f3! Levelet kaptam N\u00f3gr\u00e1di G\u00e1bor \u00edr\u00f3t\u00f3l, akinek ifj\u00fas\u00e1gi reg\u00e9nyei, forgat\u00f3k\u00f6nyvei mindannyiunk sz\u00e1m\u00e1ra ismer\u0151sek. Seg\u00edts\u00e9get k\u00e9rt, de val\u00f3j\u00e1ban ez a seg\u00edts\u00e9g egy \u00f6nzetlen felaj\u00e1nl\u00e1s volt, hiszen azt k\u00e9rte, hogy helyezz\u00fck el baleset-megel\u0151z\u00e9si k\u00f6nyveinek linkj\u00e9t a honlapunkon, annak \u00e9rdek\u00e9ben, hogy min\u00e9l kevesebb s\u00e9r\u00fcl\u00e9s, vagy \u00e9ppen hal\u00e1los trag\u00e9dia k\u00f6vetkezzen be. M\u00e9g tart a ny\u00e1r, a vak\u00e1ci\u00f3, de [&hellip;]<\/p>\n","protected":false},"author":1,"featured_media":0,"parent":0,"menu_order":0,"comment_status":"closed","ping_status":"closed","template":"","meta":{"footnotes":""},"class_list":["post-1096","page","type-page","status-publish","hentry"],"yoast_head":"<!-- This site is optimized with the Yoast SEO plugin v26.5 - https:\/\/yoast.com\/wordpress\/plugins\/seo\/ -->\n<title>Balesetmegel\u0151z\u00e9s - Nagyk\u00f6k\u00e9nyes K\u00f6zs\u00e9g \u00d6nkorm\u00e1nyzata<\/title>\n<meta name=\"robots\" content=\"index, follow, max-snippet:-1, max-image-preview:large, max-video-preview:-1\" \/>\n<link rel=\"canonical\" href=\"https:\/\/nagykokenyes.hu\/?page_id=1096\" \/>\n<meta property=\"og:locale\" content=\"hu_HU\" \/>\n<meta property=\"og:type\" content=\"article\" \/>\n<meta property=\"og:title\" content=\"Balesetmegel\u0151z\u00e9s - Nagyk\u00f6k\u00e9nyes K\u00f6zs\u00e9g \u00d6nkorm\u00e1nyzata\" \/>\n<meta property=\"og:description\" content=\"Tisztelt Olvas\u00f3! Levelet kaptam N\u00f3gr\u00e1di G\u00e1bor \u00edr\u00f3t\u00f3l, akinek ifj\u00fas\u00e1gi reg\u00e9nyei, forgat\u00f3k\u00f6nyvei mindannyiunk sz\u00e1m\u00e1ra ismer\u0151sek. Seg\u00edts\u00e9get k\u00e9rt, de val\u00f3j\u00e1ban ez a seg\u00edts\u00e9g egy \u00f6nzetlen felaj\u00e1nl\u00e1s volt, hiszen azt k\u00e9rte, hogy helyezz\u00fck el baleset-megel\u0151z\u00e9si k\u00f6nyveinek linkj\u00e9t a honlapunkon, annak \u00e9rdek\u00e9ben, hogy min\u00e9l kevesebb s\u00e9r\u00fcl\u00e9s, vagy \u00e9ppen hal\u00e1los trag\u00e9dia k\u00f6vetkezzen be. M\u00e9g tart a ny\u00e1r, a vak\u00e1ci\u00f3, de [&hellip;]\" \/>\n<meta property=\"og:url\" content=\"https:\/\/nagykokenyes.hu\/?page_id=1096\" \/>\n<meta property=\"og:site_name\" content=\"Nagyk\u00f6k\u00e9nyes K\u00f6zs\u00e9g \u00d6nkorm\u00e1nyzata\" \/>\n<meta property=\"article:modified_time\" content=\"2021-08-26T18:54:21+00:00\" \/>\n<meta property=\"og:image\" content=\"https:\/\/nagykokenyes.hu\/wp-content\/uploads\/2021\/08\/Nogradi.png\" \/>\n<meta name=\"twitter:card\" content=\"summary_large_image\" \/>\n<meta name=\"twitter:label1\" content=\"Becs\u00fclt olvas\u00e1si id\u0151\" \/>\n\t<meta name=\"twitter:data1\" content=\"2 perc\" \/>\n<script type=\"application\/ld+json\" class=\"yoast-schema-graph\">{\"@context\":\"https:\/\/schema.org\",\"@graph\":[{\"@type\":\"WebPage\",\"@id\":\"https:\/\/nagykokenyes.hu\/?page_id=1096\",\"url\":\"https:\/\/nagykokenyes.hu\/?page_id=1096\",\"name\":\"Balesetmegel\u0151z\u00e9s - Nagyk\u00f6k\u00e9nyes K\u00f6zs\u00e9g \u00d6nkorm\u00e1nyzata\",\"isPartOf\":{\"@id\":\"https:\/\/nagykokenyes.hu\/#website\"},\"primaryImageOfPage\":{\"@id\":\"https:\/\/nagykokenyes.hu\/?page_id=1096#primaryimage\"},\"image\":{\"@id\":\"https:\/\/nagykokenyes.hu\/?page_id=1096#primaryimage\"},\"thumbnailUrl\":\"https:\/\/nagykokenyes.hu\/wp-content\/uploads\/2021\/08\/Nogradi.png\",\"datePublished\":\"2019-01-25T11:55:46+00:00\",\"dateModified\":\"2021-08-26T18:54:21+00:00\",\"breadcrumb\":{\"@id\":\"https:\/\/nagykokenyes.hu\/?page_id=1096#breadcrumb\"},\"inLanguage\":\"hu\",\"potentialAction\":[{\"@type\":\"ReadAction\",\"target\":[\"https:\/\/nagykokenyes.hu\/?page_id=1096\"]}]},{\"@type\":\"ImageObject\",\"inLanguage\":\"hu\",\"@id\":\"https:\/\/nagykokenyes.hu\/?page_id=1096#primaryimage\",\"url\":\"https:\/\/nagykokenyes.hu\/wp-content\/uploads\/2021\/08\/Nogradi.png\",\"contentUrl\":\"https:\/\/nagykokenyes.hu\/wp-content\/uploads\/2021\/08\/Nogradi.png\"},{\"@type\":\"BreadcrumbList\",\"@id\":\"https:\/\/nagykokenyes.hu\/?page_id=1096#breadcrumb\",\"itemListElement\":[{\"@type\":\"ListItem\",\"position\":1,\"name\":\"Kezd\u0151lap\",\"item\":\"https:\/\/nagykokenyes.hu\/\"},{\"@type\":\"ListItem\",\"position\":2,\"name\":\"Balesetmegel\u0151z\u00e9s\"}]},{\"@type\":\"WebSite\",\"@id\":\"https:\/\/nagykokenyes.hu\/#website\",\"url\":\"https:\/\/nagykokenyes.hu\/\",\"name\":\"Nagyk\u00f6k\u00e9nyes K\u00f6zs\u00e9g \u00d6nkorm\u00e1nyzata\",\"description\":\"\",\"potentialAction\":[{\"@type\":\"SearchAction\",\"target\":{\"@type\":\"EntryPoint\",\"urlTemplate\":\"https:\/\/nagykokenyes.hu\/?s={search_term_string}\"},\"query-input\":{\"@type\":\"PropertyValueSpecification\",\"valueRequired\":true,\"valueName\":\"search_term_string\"}}],\"inLanguage\":\"hu\"}]}<\/script>\n<!-- \/ Yoast SEO plugin. -->","yoast_head_json":{"title":"Balesetmegel\u0151z\u00e9s - Nagyk\u00f6k\u00e9nyes K\u00f6zs\u00e9g \u00d6nkorm\u00e1nyzata","robots":{"index":"index","follow":"follow","max-snippet":"max-snippet:-1","max-image-preview":"max-image-preview:large","max-video-preview":"max-video-preview:-1"},"canonical":"https:\/\/nagykokenyes.hu\/?page_id=1096","og_locale":"hu_HU","og_type":"article","og_title":"Balesetmegel\u0151z\u00e9s - Nagyk\u00f6k\u00e9nyes K\u00f6zs\u00e9g \u00d6nkorm\u00e1nyzata","og_description":"Tisztelt Olvas\u00f3! Levelet kaptam N\u00f3gr\u00e1di G\u00e1bor \u00edr\u00f3t\u00f3l, akinek ifj\u00fas\u00e1gi reg\u00e9nyei, forgat\u00f3k\u00f6nyvei mindannyiunk sz\u00e1m\u00e1ra ismer\u0151sek. Seg\u00edts\u00e9get k\u00e9rt, de val\u00f3j\u00e1ban ez a seg\u00edts\u00e9g egy \u00f6nzetlen felaj\u00e1nl\u00e1s volt, hiszen azt k\u00e9rte, hogy helyezz\u00fck el baleset-megel\u0151z\u00e9si k\u00f6nyveinek linkj\u00e9t a honlapunkon, annak \u00e9rdek\u00e9ben, hogy min\u00e9l kevesebb s\u00e9r\u00fcl\u00e9s, vagy \u00e9ppen hal\u00e1los trag\u00e9dia k\u00f6vetkezzen be. M\u00e9g tart a ny\u00e1r, a vak\u00e1ci\u00f3, de [&hellip;]","og_url":"https:\/\/nagykokenyes.hu\/?page_id=1096","og_site_name":"Nagyk\u00f6k\u00e9nyes K\u00f6zs\u00e9g \u00d6nkorm\u00e1nyzata","article_modified_time":"2021-08-26T18:54:21+00:00","og_image":[{"url":"https:\/\/nagykokenyes.hu\/wp-content\/uploads\/2021\/08\/Nogradi.png","type":"","width":"","height":""}],"twitter_card":"summary_large_image","twitter_misc":{"Becs\u00fclt olvas\u00e1si id\u0151":"2 perc"},"schema":{"@context":"https:\/\/schema.org","@graph":[{"@type":"WebPage","@id":"https:\/\/nagykokenyes.hu\/?page_id=1096","url":"https:\/\/nagykokenyes.hu\/?page_id=1096","name":"Balesetmegel\u0151z\u00e9s - Nagyk\u00f6k\u00e9nyes K\u00f6zs\u00e9g \u00d6nkorm\u00e1nyzata","isPartOf":{"@id":"https:\/\/nagykokenyes.hu\/#website"},"primaryImageOfPage":{"@id":"https:\/\/nagykokenyes.hu\/?page_id=1096#primaryimage"},"image":{"@id":"https:\/\/nagykokenyes.hu\/?page_id=1096#primaryimage"},"thumbnailUrl":"https:\/\/nagykokenyes.hu\/wp-content\/uploads\/2021\/08\/Nogradi.png","datePublished":"2019-01-25T11:55:46+00:00","dateModified":"2021-08-26T18:54:21+00:00","breadcrumb":{"@id":"https:\/\/nagykokenyes.hu\/?page_id=1096#breadcrumb"},"inLanguage":"hu","potentialAction":[{"@type":"ReadAction","target":["https:\/\/nagykokenyes.hu\/?page_id=1096"]}]},{"@type":"ImageObject","inLanguage":"hu","@id":"https:\/\/nagykokenyes.hu\/?page_id=1096#primaryimage","url":"https:\/\/nagykokenyes.hu\/wp-content\/uploads\/2021\/08\/Nogradi.png","contentUrl":"https:\/\/nagykokenyes.hu\/wp-content\/uploads\/2021\/08\/Nogradi.png"},{"@type":"BreadcrumbList","@id":"https:\/\/nagykokenyes.hu\/?page_id=1096#breadcrumb","itemListElement":[{"@type":"ListItem","position":1,"name":"Kezd\u0151lap","item":"https:\/\/nagykokenyes.hu\/"},{"@type":"ListItem","position":2,"name":"Balesetmegel\u0151z\u00e9s"}]},{"@type":"WebSite","@id":"https:\/\/nagykokenyes.hu\/#website","url":"https:\/\/nagykokenyes.hu\/","name":"Nagyk\u00f6k\u00e9nyes K\u00f6zs\u00e9g \u00d6nkorm\u00e1nyzata","description":"","potentialAction":[{"@type":"SearchAction","target":{"@type":"EntryPoint","urlTemplate":"https:\/\/nagykokenyes.hu\/?s={search_term_string}"},"query-input":{"@type":"PropertyValueSpecification","valueRequired":true,"valueName":"search_term_string"}}],"inLanguage":"hu"}]}},"_links":{"self":[{"href":"https:\/\/nagykokenyes.hu\/index.php?rest_route=\/wp\/v2\/pages\/1096","targetHints":{"allow":["GET"]}}],"collection":[{"href":"https:\/\/nagykokenyes.hu\/index.php?rest_route=\/wp\/v2\/pages"}],"about":[{"href":"https:\/\/nagykokenyes.hu\/index.php?rest_route=\/wp\/v2\/types\/page"}],"author":[{"embeddable":true,"href":"https:\/\/nagykokenyes.hu\/index.php?rest_route=\/wp\/v2\/users\/1"}],"replies":[{"embeddable":true,"href":"https:\/\/nagykokenyes.hu\/index.php?rest_route=%2Fwp%2Fv2%2Fcomments&post=1096"}],"version-history":[{"count":12,"href":"https:\/\/nagykokenyes.hu\/index.php?rest_route=\/wp\/v2\/pages\/1096\/revisions"}],"predecessor-version":[{"id":4257,"href":"https:\/\/nagykokenyes.hu\/index.php?rest_route=\/wp\/v2\/pages\/1096\/revisions\/4257"}],"wp:attachment":[{"href":"https:\/\/nagykokenyes.hu\/index.php?rest_route=%2Fwp%2Fv2%2Fmedia&parent=1096"}],"curies":[{"name":"wp","href":"https:\/\/api.w.org\/{rel}","templated":true}]}}