{"id":3028,"date":"2020-07-11T21:57:03","date_gmt":"2020-07-11T21:57:03","guid":{"rendered":"https:\/\/nagykokenyes.hu\/?page_id=3028"},"modified":"2020-07-11T21:57:03","modified_gmt":"2020-07-11T21:57:03","slug":"a-bem-es-a-klapka-utak-felujitasa","status":"publish","type":"page","link":"https:\/\/nagykokenyes.hu\/?page_id=3028","title":{"rendered":"A Bem \u00e9s a Klapka \u00fatak fel\u00faj\u00edt\u00e1sa"},"content":{"rendered":"<p><strong>P\u00e1ly\u00e1zati felh\u00edv\u00e1s neve (k\u00f3dsz\u00e1ma):\u00a0<\/strong>Magyar Falu Program \u2013\u00a0<strong>\u00d6nkorm\u00e1nyzati tulajdon\u00fa utak fel\u00faj\u00edt\u00e1sa (MFP-\u00d6TU\/2019)<\/strong><\/p>\n<p><strong>Projekt c\u00edme (azonos\u00edt\u00f3 sz\u00e1ma):\u00a0<\/strong>A Bem utca \u00e9s a Klapka \u00fat burkolat\u00e1nak fel\u00faj\u00edt\u00e1sa Nagyk\u00f6k\u00e9nyes k\u00f6zs\u00e9gben (3020062441)<\/p>\n<p><strong>Szerz\u0151d\u00f6tt t\u00e1mogat\u00e1s \u00f6sszege:\u00a0<\/strong>19.443.416,- Ft<\/p>\n<p><strong>T\u00e1mogat\u00e1s m\u00e9rt\u00e9ke:<\/strong>\u00a0100%<\/p>\n<p><strong>A projekt tartalm\u00e1nak r\u00f6vid bemutat\u00e1sa:\u00a0<\/strong>A Magyar Falu Program \u201c\u00d6nkorm\u00e1nyzati tulajdon\u00fa utak fel\u00faj\u00edt\u00e1sa\u201d alprogramj\u00e1nak keret\u00e9ben Nagyk\u00f6k\u00e9nyes K\u00f6zs\u00e9gi \u00d6nkorm\u00e1nyzat a telep\u00fcl\u00e9s belter\u00fclet\u00e9n tal\u00e1lhat\u00f3 Bem utca \u00e9s Klapka \u00fat burkolatfel\u00faj\u00edt\u00e1s\u00e1t k\u00edv\u00e1nja megval\u00f3s\u00edtani. A fejleszt\u00e9ssel \u00e9rintett belter\u00fcleti utak elhaszn\u00e1l\u00f3dottak, a legal\u00e1bb 20 cm vastag burkolatuk a haszn\u00e1lat sor\u00e1n eldeform\u00e1l\u00f3dott, n\u00e9h\u00e1ny helyen foltszeru\u030ben t\u00f6nkrement. A munk\u00e1k megkezd\u00e9se elo\u030btt a felh\u00edzott padk\u00e1t le kell nyesni, a felesleges anyagot el kell sz\u00e1ll\u00edtani. A megl\u00e9vo\u030b burkolatok meghib\u00e1sod\u00e1sait AC8 k\u00f6to\u030b aszfalttal ki kell jav\u00edtani, a burkolatok teljes fel\u00fclet\u00e9t a szennyezo\u030bd\u00e9sekto\u030bl meg kell tiszt\u00edtani. A t\u00f6nkrement r\u00e9szeken a burkolatot ki kell bontani, majd 4 cm AC11 k\u00f6to\u030b aszfalt be\u00e9p\u00edt\u00e9s\u00e9vel helyre kell \u00e1ll\u00edtani. A lenyesett, 1 m\u00e9ter sz\u00e9less\u00e9gu\u030b padk\u00e1kat a munk\u00e1k befejez\u00e9se ut\u00e1n nemes\u00edtett padkak\u00e9nt kell helyre\u00e1ll\u00edtani.<\/p>\n<p><strong>A projekt legk\u00e9s\u0151bbi befejez\u00e9si d\u00e1tuma:\u00a0<\/strong>2021.03.31.<\/p>\n<p>A projekt megval\u00f3sult, az \u00e1tad\u00e1s pillanatai k\u00e9pekben:<\/p>\n<div id='gallery-1' class='gallery galleryid-3028 gallery-columns-5 gallery-size-thumbnail'><figure class='gallery-item'>\n\t\t\t<div class='gallery-icon landscape'>\n\t\t\t\t<a href='https:\/\/nagykokenyes.hu\/wp-content\/uploads\/2020\/07\/IMG_5803.jpg'><img loading=\"lazy\" decoding=\"async\" width=\"150\" height=\"150\" src=\"https:\/\/nagykokenyes.hu\/wp-content\/uploads\/2020\/07\/IMG_5803-150x150.jpg\" class=\"attachment-thumbnail size-thumbnail\" alt=\"\" \/><\/a>\n\t\t\t<\/div><\/figure><figure class='gallery-item'>\n\t\t\t<div class='gallery-icon landscape'>\n\t\t\t\t<a href='https:\/\/nagykokenyes.hu\/wp-content\/uploads\/2020\/07\/IMG_5802.jpg'><img loading=\"lazy\" decoding=\"async\" width=\"150\" height=\"150\" src=\"https:\/\/nagykokenyes.hu\/wp-content\/uploads\/2020\/07\/IMG_5802-150x150.jpg\" class=\"attachment-thumbnail size-thumbnail\" alt=\"\" \/><\/a>\n\t\t\t<\/div><\/figure><figure class='gallery-item'>\n\t\t\t<div class='gallery-icon landscape'>\n\t\t\t\t<a href='https:\/\/nagykokenyes.hu\/wp-content\/uploads\/2020\/07\/IMG_5807.jpg'><img loading=\"lazy\" decoding=\"async\" width=\"150\" height=\"150\" src=\"https:\/\/nagykokenyes.hu\/wp-content\/uploads\/2020\/07\/IMG_5807-150x150.jpg\" class=\"attachment-thumbnail size-thumbnail\" alt=\"\" \/><\/a>\n\t\t\t<\/div><\/figure><figure class='gallery-item'>\n\t\t\t<div class='gallery-icon landscape'>\n\t\t\t\t<a href='https:\/\/nagykokenyes.hu\/wp-content\/uploads\/2020\/07\/IMG_5808.jpg'><img loading=\"lazy\" decoding=\"async\" width=\"150\" height=\"150\" src=\"https:\/\/nagykokenyes.hu\/wp-content\/uploads\/2020\/07\/IMG_5808-150x150.jpg\" class=\"attachment-thumbnail size-thumbnail\" alt=\"\" \/><\/a>\n\t\t\t<\/div><\/figure><figure class='gallery-item'>\n\t\t\t<div class='gallery-icon landscape'>\n\t\t\t\t<a href='https:\/\/nagykokenyes.hu\/wp-content\/uploads\/2020\/07\/IMG_5811.jpg'><img loading=\"lazy\" decoding=\"async\" width=\"150\" height=\"150\" src=\"https:\/\/nagykokenyes.hu\/wp-content\/uploads\/2020\/07\/IMG_5811-150x150.jpg\" class=\"attachment-thumbnail size-thumbnail\" alt=\"\" \/><\/a>\n\t\t\t<\/div><\/figure><figure class='gallery-item'>\n\t\t\t<div class='gallery-icon landscape'>\n\t\t\t\t<a href='https:\/\/nagykokenyes.hu\/wp-content\/uploads\/2020\/07\/IMG_5814.jpg'><img loading=\"lazy\" decoding=\"async\" width=\"150\" height=\"150\" src=\"https:\/\/nagykokenyes.hu\/wp-content\/uploads\/2020\/07\/IMG_5814-150x150.jpg\" class=\"attachment-thumbnail size-thumbnail\" alt=\"\" \/><\/a>\n\t\t\t<\/div><\/figure><figure class='gallery-item'>\n\t\t\t<div class='gallery-icon landscape'>\n\t\t\t\t<a href='https:\/\/nagykokenyes.hu\/wp-content\/uploads\/2020\/07\/IMG_5815.jpg'><img loading=\"lazy\" decoding=\"async\" width=\"150\" height=\"150\" src=\"https:\/\/nagykokenyes.hu\/wp-content\/uploads\/2020\/07\/IMG_5815-150x150.jpg\" class=\"attachment-thumbnail size-thumbnail\" alt=\"\" \/><\/a>\n\t\t\t<\/div><\/figure><figure class='gallery-item'>\n\t\t\t<div class='gallery-icon landscape'>\n\t\t\t\t<a href='https:\/\/nagykokenyes.hu\/wp-content\/uploads\/2020\/07\/IMG_5817.jpg'><img loading=\"lazy\" decoding=\"async\" width=\"150\" height=\"150\" src=\"https:\/\/nagykokenyes.hu\/wp-content\/uploads\/2020\/07\/IMG_5817-150x150.jpg\" class=\"attachment-thumbnail size-thumbnail\" alt=\"\" \/><\/a>\n\t\t\t<\/div><\/figure><figure class='gallery-item'>\n\t\t\t<div class='gallery-icon landscape'>\n\t\t\t\t<a href='https:\/\/nagykokenyes.hu\/wp-content\/uploads\/2020\/07\/IMG_5820.jpg'><img loading=\"lazy\" decoding=\"async\" width=\"150\" height=\"150\" src=\"https:\/\/nagykokenyes.hu\/wp-content\/uploads\/2020\/07\/IMG_5820-150x150.jpg\" class=\"attachment-thumbnail size-thumbnail\" alt=\"\" \/><\/a>\n\t\t\t<\/div><\/figure><figure class='gallery-item'>\n\t\t\t<div class='gallery-icon landscape'>\n\t\t\t\t<a href='https:\/\/nagykokenyes.hu\/wp-content\/uploads\/2020\/07\/IMG_5822.jpg'><img loading=\"lazy\" decoding=\"async\" width=\"150\" height=\"150\" src=\"https:\/\/nagykokenyes.hu\/wp-content\/uploads\/2020\/07\/IMG_5822-150x150.jpg\" class=\"attachment-thumbnail size-thumbnail\" alt=\"\" \/><\/a>\n\t\t\t<\/div><\/figure><figure class='gallery-item'>\n\t\t\t<div class='gallery-icon landscape'>\n\t\t\t\t<a href='https:\/\/nagykokenyes.hu\/wp-content\/uploads\/2020\/07\/IMG_5823.jpg'><img loading=\"lazy\" decoding=\"async\" width=\"150\" height=\"150\" src=\"https:\/\/nagykokenyes.hu\/wp-content\/uploads\/2020\/07\/IMG_5823-150x150.jpg\" class=\"attachment-thumbnail size-thumbnail\" alt=\"\" \/><\/a>\n\t\t\t<\/div><\/figure><figure class='gallery-item'>\n\t\t\t<div class='gallery-icon landscape'>\n\t\t\t\t<a href='https:\/\/nagykokenyes.hu\/wp-content\/uploads\/2020\/07\/IMG_5826.jpg'><img loading=\"lazy\" decoding=\"async\" width=\"150\" height=\"150\" src=\"https:\/\/nagykokenyes.hu\/wp-content\/uploads\/2020\/07\/IMG_5826-150x150.jpg\" class=\"attachment-thumbnail size-thumbnail\" alt=\"\" \/><\/a>\n\t\t\t<\/div><\/figure><figure class='gallery-item'>\n\t\t\t<div class='gallery-icon landscape'>\n\t\t\t\t<a href='https:\/\/nagykokenyes.hu\/wp-content\/uploads\/2020\/07\/IMG_5828.jpg'><img loading=\"lazy\" decoding=\"async\" width=\"150\" height=\"150\" src=\"https:\/\/nagykokenyes.hu\/wp-content\/uploads\/2020\/07\/IMG_5828-150x150.jpg\" class=\"attachment-thumbnail size-thumbnail\" alt=\"\" \/><\/a>\n\t\t\t<\/div><\/figure><figure class='gallery-item'>\n\t\t\t<div class='gallery-icon landscape'>\n\t\t\t\t<a href='https:\/\/nagykokenyes.hu\/wp-content\/uploads\/2020\/07\/IMG_5829.jpg'><img loading=\"lazy\" decoding=\"async\" width=\"150\" height=\"150\" src=\"https:\/\/nagykokenyes.hu\/wp-content\/uploads\/2020\/07\/IMG_5829-150x150.jpg\" class=\"attachment-thumbnail size-thumbnail\" alt=\"\" \/><\/a>\n\t\t\t<\/div><\/figure><figure class='gallery-item'>\n\t\t\t<div class='gallery-icon landscape'>\n\t\t\t\t<a href='https:\/\/nagykokenyes.hu\/wp-content\/uploads\/2020\/07\/IMG_5831.jpg'><img loading=\"lazy\" decoding=\"async\" width=\"150\" height=\"150\" src=\"https:\/\/nagykokenyes.hu\/wp-content\/uploads\/2020\/07\/IMG_5831-150x150.jpg\" class=\"attachment-thumbnail size-thumbnail\" alt=\"\" \/><\/a>\n\t\t\t<\/div><\/figure><figure class='gallery-item'>\n\t\t\t<div class='gallery-icon landscape'>\n\t\t\t\t<a href='https:\/\/nagykokenyes.hu\/wp-content\/uploads\/2020\/07\/IMG_5833.jpg'><img loading=\"lazy\" decoding=\"async\" width=\"150\" height=\"150\" src=\"https:\/\/nagykokenyes.hu\/wp-content\/uploads\/2020\/07\/IMG_5833-150x150.jpg\" class=\"attachment-thumbnail size-thumbnail\" alt=\"\" \/><\/a>\n\t\t\t<\/div><\/figure><figure class='gallery-item'>\n\t\t\t<div class='gallery-icon landscape'>\n\t\t\t\t<a href='https:\/\/nagykokenyes.hu\/wp-content\/uploads\/2020\/07\/IMG_5834.jpg'><img loading=\"lazy\" decoding=\"async\" width=\"150\" height=\"150\" src=\"https:\/\/nagykokenyes.hu\/wp-content\/uploads\/2020\/07\/IMG_5834-150x150.jpg\" class=\"attachment-thumbnail size-thumbnail\" alt=\"\" \/><\/a>\n\t\t\t<\/div><\/figure><figure class='gallery-item'>\n\t\t\t<div class='gallery-icon landscape'>\n\t\t\t\t<a href='https:\/\/nagykokenyes.hu\/wp-content\/uploads\/2020\/07\/IMG_5835.jpg'><img loading=\"lazy\" decoding=\"async\" width=\"150\" height=\"150\" src=\"https:\/\/nagykokenyes.hu\/wp-content\/uploads\/2020\/07\/IMG_5835-150x150.jpg\" class=\"attachment-thumbnail size-thumbnail\" alt=\"\" \/><\/a>\n\t\t\t<\/div><\/figure><figure class='gallery-item'>\n\t\t\t<div class='gallery-icon landscape'>\n\t\t\t\t<a href='https:\/\/nagykokenyes.hu\/wp-content\/uploads\/2020\/07\/IMG_5837.jpg'><img loading=\"lazy\" decoding=\"async\" width=\"150\" height=\"150\" src=\"https:\/\/nagykokenyes.hu\/wp-content\/uploads\/2020\/07\/IMG_5837-150x150.jpg\" class=\"attachment-thumbnail size-thumbnail\" alt=\"\" \/><\/a>\n\t\t\t<\/div><\/figure><figure class='gallery-item'>\n\t\t\t<div class='gallery-icon landscape'>\n\t\t\t\t<a href='https:\/\/nagykokenyes.hu\/wp-content\/uploads\/2020\/07\/IMG_5839.jpg'><img loading=\"lazy\" decoding=\"async\" width=\"150\" height=\"150\" src=\"https:\/\/nagykokenyes.hu\/wp-content\/uploads\/2020\/07\/IMG_5839-150x150.jpg\" class=\"attachment-thumbnail size-thumbnail\" alt=\"\" \/><\/a>\n\t\t\t<\/div><\/figure>\n\t\t<\/div>\n\n","protected":false},"excerpt":{"rendered":"<p>P\u00e1ly\u00e1zati felh\u00edv\u00e1s neve (k\u00f3dsz\u00e1ma):\u00a0Magyar Falu Program \u2013\u00a0\u00d6nkorm\u00e1nyzati tulajdon\u00fa utak fel\u00faj\u00edt\u00e1sa (MFP-\u00d6TU\/2019) Projekt c\u00edme (azonos\u00edt\u00f3 sz\u00e1ma):\u00a0A Bem utca \u00e9s a Klapka \u00fat burkolat\u00e1nak fel\u00faj\u00edt\u00e1sa Nagyk\u00f6k\u00e9nyes k\u00f6zs\u00e9gben (3020062441) Szerz\u0151d\u00f6tt t\u00e1mogat\u00e1s \u00f6sszege:\u00a019.443.416,- Ft T\u00e1mogat\u00e1s m\u00e9rt\u00e9ke:\u00a0100% A projekt tartalm\u00e1nak r\u00f6vid bemutat\u00e1sa:\u00a0A Magyar Falu Program \u201c\u00d6nkorm\u00e1nyzati tulajdon\u00fa utak fel\u00faj\u00edt\u00e1sa\u201d alprogramj\u00e1nak keret\u00e9ben Nagyk\u00f6k\u00e9nyes K\u00f6zs\u00e9gi \u00d6nkorm\u00e1nyzat a telep\u00fcl\u00e9s belter\u00fclet\u00e9n tal\u00e1lhat\u00f3 Bem utca [&hellip;]<\/p>\n","protected":false},"author":1,"featured_media":0,"parent":0,"menu_order":0,"comment_status":"closed","ping_status":"closed","template":"","meta":{"footnotes":""},"class_list":["post-3028","page","type-page","status-publish","hentry"],"yoast_head":"<!-- This site is optimized with the Yoast SEO plugin v26.5 - https:\/\/yoast.com\/wordpress\/plugins\/seo\/ -->\n<title>A Bem \u00e9s a Klapka \u00fatak fel\u00faj\u00edt\u00e1sa - Nagyk\u00f6k\u00e9nyes K\u00f6zs\u00e9g \u00d6nkorm\u00e1nyzata<\/title>\n<meta name=\"robots\" content=\"index, follow, max-snippet:-1, max-image-preview:large, max-video-preview:-1\" \/>\n<link rel=\"canonical\" href=\"https:\/\/nagykokenyes.hu\/?page_id=3028\" \/>\n<meta property=\"og:locale\" content=\"hu_HU\" \/>\n<meta property=\"og:type\" content=\"article\" \/>\n<meta property=\"og:title\" content=\"A Bem \u00e9s a Klapka \u00fatak fel\u00faj\u00edt\u00e1sa - Nagyk\u00f6k\u00e9nyes K\u00f6zs\u00e9g \u00d6nkorm\u00e1nyzata\" \/>\n<meta property=\"og:description\" content=\"P\u00e1ly\u00e1zati felh\u00edv\u00e1s neve (k\u00f3dsz\u00e1ma):\u00a0Magyar Falu Program \u2013\u00a0\u00d6nkorm\u00e1nyzati tulajdon\u00fa utak fel\u00faj\u00edt\u00e1sa (MFP-\u00d6TU\/2019) Projekt c\u00edme (azonos\u00edt\u00f3 sz\u00e1ma):\u00a0A Bem utca \u00e9s a Klapka \u00fat burkolat\u00e1nak fel\u00faj\u00edt\u00e1sa Nagyk\u00f6k\u00e9nyes k\u00f6zs\u00e9gben (3020062441) Szerz\u0151d\u00f6tt t\u00e1mogat\u00e1s \u00f6sszege:\u00a019.443.416,- Ft T\u00e1mogat\u00e1s m\u00e9rt\u00e9ke:\u00a0100% A projekt tartalm\u00e1nak r\u00f6vid bemutat\u00e1sa:\u00a0A Magyar Falu Program \u201c\u00d6nkorm\u00e1nyzati tulajdon\u00fa utak fel\u00faj\u00edt\u00e1sa\u201d alprogramj\u00e1nak keret\u00e9ben Nagyk\u00f6k\u00e9nyes K\u00f6zs\u00e9gi \u00d6nkorm\u00e1nyzat a telep\u00fcl\u00e9s belter\u00fclet\u00e9n tal\u00e1lhat\u00f3 Bem utca [&hellip;]\" \/>\n<meta property=\"og:url\" content=\"https:\/\/nagykokenyes.hu\/?page_id=3028\" \/>\n<meta property=\"og:site_name\" content=\"Nagyk\u00f6k\u00e9nyes K\u00f6zs\u00e9g \u00d6nkorm\u00e1nyzata\" \/>\n<meta property=\"og:image\" content=\"https:\/\/nagykokenyes.hu\/wp-content\/uploads\/2020\/07\/IMG_5803-150x150.jpg\" \/>\n<meta name=\"twitter:card\" content=\"summary_large_image\" \/>\n<meta name=\"twitter:label1\" content=\"Becs\u00fclt olvas\u00e1si id\u0151\" \/>\n\t<meta name=\"twitter:data1\" content=\"1 perc\" \/>\n<script type=\"application\/ld+json\" class=\"yoast-schema-graph\">{\"@context\":\"https:\/\/schema.org\",\"@graph\":[{\"@type\":\"WebPage\",\"@id\":\"https:\/\/nagykokenyes.hu\/?page_id=3028\",\"url\":\"https:\/\/nagykokenyes.hu\/?page_id=3028\",\"name\":\"A Bem \u00e9s a Klapka \u00fatak fel\u00faj\u00edt\u00e1sa - Nagyk\u00f6k\u00e9nyes K\u00f6zs\u00e9g \u00d6nkorm\u00e1nyzata\",\"isPartOf\":{\"@id\":\"https:\/\/nagykokenyes.hu\/#website\"},\"datePublished\":\"2020-07-11T21:57:03+00:00\",\"breadcrumb\":{\"@id\":\"https:\/\/nagykokenyes.hu\/?page_id=3028#breadcrumb\"},\"inLanguage\":\"hu\",\"potentialAction\":[{\"@type\":\"ReadAction\",\"target\":[\"https:\/\/nagykokenyes.hu\/?page_id=3028\"]}]},{\"@type\":\"BreadcrumbList\",\"@id\":\"https:\/\/nagykokenyes.hu\/?page_id=3028#breadcrumb\",\"itemListElement\":[{\"@type\":\"ListItem\",\"position\":1,\"name\":\"Kezd\u0151lap\",\"item\":\"https:\/\/nagykokenyes.hu\/\"},{\"@type\":\"ListItem\",\"position\":2,\"name\":\"A Bem \u00e9s a Klapka \u00fatak fel\u00faj\u00edt\u00e1sa\"}]},{\"@type\":\"WebSite\",\"@id\":\"https:\/\/nagykokenyes.hu\/#website\",\"url\":\"https:\/\/nagykokenyes.hu\/\",\"name\":\"Nagyk\u00f6k\u00e9nyes K\u00f6zs\u00e9g \u00d6nkorm\u00e1nyzata\",\"description\":\"\",\"potentialAction\":[{\"@type\":\"SearchAction\",\"target\":{\"@type\":\"EntryPoint\",\"urlTemplate\":\"https:\/\/nagykokenyes.hu\/?s={search_term_string}\"},\"query-input\":{\"@type\":\"PropertyValueSpecification\",\"valueRequired\":true,\"valueName\":\"search_term_string\"}}],\"inLanguage\":\"hu\"}]}<\/script>\n<!-- \/ Yoast SEO plugin. -->","yoast_head_json":{"title":"A Bem \u00e9s a Klapka \u00fatak fel\u00faj\u00edt\u00e1sa - Nagyk\u00f6k\u00e9nyes K\u00f6zs\u00e9g \u00d6nkorm\u00e1nyzata","robots":{"index":"index","follow":"follow","max-snippet":"max-snippet:-1","max-image-preview":"max-image-preview:large","max-video-preview":"max-video-preview:-1"},"canonical":"https:\/\/nagykokenyes.hu\/?page_id=3028","og_locale":"hu_HU","og_type":"article","og_title":"A Bem \u00e9s a Klapka \u00fatak fel\u00faj\u00edt\u00e1sa - Nagyk\u00f6k\u00e9nyes K\u00f6zs\u00e9g \u00d6nkorm\u00e1nyzata","og_description":"P\u00e1ly\u00e1zati felh\u00edv\u00e1s neve (k\u00f3dsz\u00e1ma):\u00a0Magyar Falu Program \u2013\u00a0\u00d6nkorm\u00e1nyzati tulajdon\u00fa utak fel\u00faj\u00edt\u00e1sa (MFP-\u00d6TU\/2019) Projekt c\u00edme (azonos\u00edt\u00f3 sz\u00e1ma):\u00a0A Bem utca \u00e9s a Klapka \u00fat burkolat\u00e1nak fel\u00faj\u00edt\u00e1sa Nagyk\u00f6k\u00e9nyes k\u00f6zs\u00e9gben (3020062441) Szerz\u0151d\u00f6tt t\u00e1mogat\u00e1s \u00f6sszege:\u00a019.443.416,- Ft T\u00e1mogat\u00e1s m\u00e9rt\u00e9ke:\u00a0100% A projekt tartalm\u00e1nak r\u00f6vid bemutat\u00e1sa:\u00a0A Magyar Falu Program \u201c\u00d6nkorm\u00e1nyzati tulajdon\u00fa utak fel\u00faj\u00edt\u00e1sa\u201d alprogramj\u00e1nak keret\u00e9ben Nagyk\u00f6k\u00e9nyes K\u00f6zs\u00e9gi \u00d6nkorm\u00e1nyzat a telep\u00fcl\u00e9s belter\u00fclet\u00e9n tal\u00e1lhat\u00f3 Bem utca [&hellip;]","og_url":"https:\/\/nagykokenyes.hu\/?page_id=3028","og_site_name":"Nagyk\u00f6k\u00e9nyes K\u00f6zs\u00e9g \u00d6nkorm\u00e1nyzata","og_image":[{"url":"https:\/\/nagykokenyes.hu\/wp-content\/uploads\/2020\/07\/IMG_5803-150x150.jpg","type":"","width":"","height":""}],"twitter_card":"summary_large_image","twitter_misc":{"Becs\u00fclt olvas\u00e1si id\u0151":"1 perc"},"schema":{"@context":"https:\/\/schema.org","@graph":[{"@type":"WebPage","@id":"https:\/\/nagykokenyes.hu\/?page_id=3028","url":"https:\/\/nagykokenyes.hu\/?page_id=3028","name":"A Bem \u00e9s a Klapka \u00fatak fel\u00faj\u00edt\u00e1sa - Nagyk\u00f6k\u00e9nyes K\u00f6zs\u00e9g \u00d6nkorm\u00e1nyzata","isPartOf":{"@id":"https:\/\/nagykokenyes.hu\/#website"},"datePublished":"2020-07-11T21:57:03+00:00","breadcrumb":{"@id":"https:\/\/nagykokenyes.hu\/?page_id=3028#breadcrumb"},"inLanguage":"hu","potentialAction":[{"@type":"ReadAction","target":["https:\/\/nagykokenyes.hu\/?page_id=3028"]}]},{"@type":"BreadcrumbList","@id":"https:\/\/nagykokenyes.hu\/?page_id=3028#breadcrumb","itemListElement":[{"@type":"ListItem","position":1,"name":"Kezd\u0151lap","item":"https:\/\/nagykokenyes.hu\/"},{"@type":"ListItem","position":2,"name":"A Bem \u00e9s a Klapka \u00fatak fel\u00faj\u00edt\u00e1sa"}]},{"@type":"WebSite","@id":"https:\/\/nagykokenyes.hu\/#website","url":"https:\/\/nagykokenyes.hu\/","name":"Nagyk\u00f6k\u00e9nyes K\u00f6zs\u00e9g \u00d6nkorm\u00e1nyzata","description":"","potentialAction":[{"@type":"SearchAction","target":{"@type":"EntryPoint","urlTemplate":"https:\/\/nagykokenyes.hu\/?s={search_term_string}"},"query-input":{"@type":"PropertyValueSpecification","valueRequired":true,"valueName":"search_term_string"}}],"inLanguage":"hu"}]}},"_links":{"self":[{"href":"https:\/\/nagykokenyes.hu\/index.php?rest_route=\/wp\/v2\/pages\/3028","targetHints":{"allow":["GET"]}}],"collection":[{"href":"https:\/\/nagykokenyes.hu\/index.php?rest_route=\/wp\/v2\/pages"}],"about":[{"href":"https:\/\/nagykokenyes.hu\/index.php?rest_route=\/wp\/v2\/types\/page"}],"author":[{"embeddable":true,"href":"https:\/\/nagykokenyes.hu\/index.php?rest_route=\/wp\/v2\/users\/1"}],"replies":[{"embeddable":true,"href":"https:\/\/nagykokenyes.hu\/index.php?rest_route=%2Fwp%2Fv2%2Fcomments&post=3028"}],"version-history":[{"count":1,"href":"https:\/\/nagykokenyes.hu\/index.php?rest_route=\/wp\/v2\/pages\/3028\/revisions"}],"predecessor-version":[{"id":3030,"href":"https:\/\/nagykokenyes.hu\/index.php?rest_route=\/wp\/v2\/pages\/3028\/revisions\/3030"}],"wp:attachment":[{"href":"https:\/\/nagykokenyes.hu\/index.php?rest_route=%2Fwp%2Fv2%2Fmedia&parent=3028"}],"curies":[{"name":"wp","href":"https:\/\/api.w.org\/{rel}","templated":true}]}}