{"id":3880,"date":"2021-01-15T18:44:51","date_gmt":"2021-01-15T16:44:51","guid":{"rendered":"https:\/\/nagykokenyes.hu\/?page_id=3880"},"modified":"2021-01-15T18:59:18","modified_gmt":"2021-01-15T16:59:18","slug":"2020-evi-veszelyhelyzet-idoszak-alatti-polgarmesteri-hatarozatok","status":"publish","type":"page","link":"https:\/\/nagykokenyes.hu\/?page_id=3880","title":{"rendered":"2020. \u00e9vi vesz\u00e9lyhelyzet id\u0151szak alatti polg\u00e1rmesteri hat\u00e1rozatok"},"content":{"rendered":"<ul>\n<li><a href=\"https:\/\/nagykokenyes.hu\/wp-content\/uploads\/2021\/01\/8-2020.III_.26.Pm-i-hatarozat-AS-Korhaz-Alapitvany-tamogatasa.pdf\">8-2020.(III.26.)Pm-i hat\u00e1rozat AS K\u00f3rh\u00e1z Alap\u00edtv\u00e1ny t\u00e1mogat\u00e1sa<\/a><\/li>\n<li><a href=\"https:\/\/nagykokenyes.hu\/wp-content\/uploads\/2021\/01\/11-2020.IV_.21.-polgarmesteri-hatarozat-MFP-eszkozbeszerzes-palyazat-arajanlatok-elbiralasa.pdf\">11-2020.(IV.21.) polg\u00e1rmesteri hat\u00e1rozat MFP eszk\u00f6zbeszerz\u00e9s p\u00e1ly\u00e1zat \u00e1raj\u00e1nlatok elb\u00edr\u00e1l\u00e1sa<\/a><\/li>\n<li><a href=\"https:\/\/nagykokenyes.hu\/wp-content\/uploads\/2021\/01\/13-2020.IV_.29.-polgarmesteri-hatarozat.-MFP-Temeto-Robotka-Lajos-arajanlat.pdf\">13-2020.(IV.29.) polg\u00e1rmesteri hat\u00e1rozat. MFP Temet\u0151 Robotka Lajos \u00e1raj\u00e1nlat<\/a><\/li>\n<li><a href=\"https:\/\/nagykokenyes.hu\/wp-content\/uploads\/2021\/01\/15-2020.IV_.30.-polgarmesteri-hatarozat-Nagykokenyes-Kozseg-Onkormanyzatanak-Gazdasagi-Programja.pdf\">15-2020.(IV.30.) polg\u00e1rmesteri hat\u00e1rozat Nagyk\u00f6k\u00e9nyes K\u00f6zs\u00e9g \u00d6nkorm\u00e1nyzat\u00e1nak Gazdas\u00e1gi Programja<\/a><\/li>\n<li><a href=\"https:\/\/nagykokenyes.hu\/wp-content\/uploads\/2021\/01\/17-polgarmesteri-hatarozat-OKO-PLAN-Egyesulet-telephely-letesitese.pdf\">17 &#8211; polg\u00e1rmesteri hat\u00e1rozat \u00d6KO-PLAN Egyes\u00fclet telephely l\u00e9tes\u00edt\u00e9se<\/a><\/li>\n<li><a href=\"https:\/\/nagykokenyes.hu\/wp-content\/uploads\/2021\/01\/19-polgarmesteri-hatarozat-gyermekvedelmi-atfogo-ertekeles-elfogadasa.pdf\">19 &#8211; polg\u00e1rmesteri hat\u00e1rozat gyermekv\u00e9delmi \u00e1tfog\u00f3 \u00e9rt\u00e9kel\u00e9s elfogad\u00e1sa<\/a><\/li>\n<li><a href=\"https:\/\/nagykokenyes.hu\/wp-content\/uploads\/2021\/01\/24-polgarmesteri-hatarozat-szobrok-atadasa.pdf\">24-polg\u00e1rmesteri hat\u00e1rozat szobrok \u00e1tad\u00e1sa<\/a><\/li>\n<li><a href=\"https:\/\/nagykokenyes.hu\/wp-content\/uploads\/2021\/01\/39-2020.-pm.-hatarozat-Csetneki-Zsolt-kapitanysagvezetoi-kinevezese-tamogatasarol.pdf\">39-2020. pm. hat\u00e1rozat Csetneki Zsolt kapit\u00e1nys\u00e1gvezet\u0151i kinevez\u00e9se t\u00e1mogat\u00e1s\u00e1r\u00f3l<\/a><\/li>\n<li><a href=\"https:\/\/nagykokenyes.hu\/wp-content\/uploads\/2021\/01\/40-2020.XI_.20.-hatarozat-ingatlanok-onkorm-i-tulajdonba-vetele.pdf\">40-2020.(XI.20.) hat\u00e1rozat ingatlanok \u00f6nkorm-i tulajdonba v\u00e9tele<\/a><\/li>\n<li><a href=\"https:\/\/nagykokenyes.hu\/wp-content\/uploads\/2021\/01\/41-2020.FKKN-Kft.-ugyvezeto-pm.hat_.Nk_..pdf\">41-2020.FKKN Kft. \u00fcgyvezet\u0151 pm.hat.Nk.<\/a><\/li>\n<li><a href=\"https:\/\/nagykokenyes.hu\/wp-content\/uploads\/2021\/01\/44-2020.XI_.30.-hatarozat-a-Nagykokenyes-Konyvtari-Informacios-es-Kozossegi-hely-valamint-a-Kozossegi-Szinter-Hazirendjerol-1.pdf\">44-2020.(XI.30.) hat\u00e1rozat a Nagyk\u00f6k\u00e9nyes K\u00f6nyvt\u00e1ri, Inform\u00e1ci\u00f3s \u00e9s K\u00f6z\u00f6ss\u00e9gi hely valamint a K\u00f6z\u00f6ss\u00e9gi Sz\u00ednt\u00e9r H\u00e1zirendj\u00e9r\u0151l (1)<\/a><\/li>\n<li><a href=\"https:\/\/nagykokenyes.hu\/wp-content\/uploads\/2021\/01\/47-2020-pm.-hat-Basty-M.-Zrt-szerz.-mod.-TOP-Kuria.pdf\">47-2020 pm. hat B\u00e1sty M. Zrt szerz. m\u00f3d. TOP K\u00faria<\/a><\/li>\n<li><a href=\"https:\/\/nagykokenyes.hu\/wp-content\/uploads\/2021\/01\/48-2020-pm.hat_.Rendorseg-beszamolojanak-elfogadasa.pdf\">48-2020 pm.hat.Rend\u0151rs\u00e9g besz\u00e1mol\u00f3j\u00e1nak elfogad\u00e1sa<\/a><\/li>\n<li><a href=\"https:\/\/nagykokenyes.hu\/wp-content\/uploads\/2021\/01\/49-2020.XII_.10.-hatarozat-Ister-Inter-Kft.-berleti-irodai-helyiseg-berbeadasa.pdf\">49-2020.(XII.10.) hat\u00e1rozat Ister-Inter Kft. b\u00e9rleti irodai helyis\u00e9g b\u00e9rbead\u00e1sa<\/a><\/li>\n<li><a href=\"https:\/\/nagykokenyes.hu\/wp-content\/uploads\/2021\/01\/67-2020.XII_.18.-pm-i-hatarozat-2021.-evi-belso-ellenorzesi-terv-jovahagyasa.pdf\">67-2020.(XII.18.) pm-i hat\u00e1rozat 2021. \u00e9vi bels\u0151 ellen\u0151rz\u00e9si terv j\u00f3v\u00e1hagy\u00e1sa<\/a><\/li>\n<li><a href=\"https:\/\/nagykokenyes.hu\/wp-content\/uploads\/2021\/01\/68-2020.XII_.18.-pm-i-hatarozat-2021-2024.-evi-strategiai-ellenorzesi-terv.pdf\">68-2020.(XII.18.) pm-i hat\u00e1rozat 2021-2024. \u00e9vi strat\u00e9giai ellen\u0151rz\u00e9si terv<\/a><\/li>\n<li><a href=\"https:\/\/nagykokenyes.hu\/wp-content\/uploads\/2021\/01\/69-2020.XII_.18.-pm-i-hatarozat-Konyvtari-Szolg.-es-Kozossegi-Hely-beszamolo.pdf\">69-2020.(XII.18.) pm-i hat\u00e1rozat K\u00f6nyvt\u00e1ri Szolg. \u00e9s K\u00f6z\u00f6ss\u00e9gi Hely besz\u00e1mol\u00f3<\/a><\/li>\n<li><a href=\"https:\/\/nagykokenyes.hu\/wp-content\/uploads\/2021\/01\/70-2020.XII_.31.-pm-i-hatarozat-kepviselo-testulet-2021.-evi-munkaterve.pdf\">70-2020.(XII.31.) pm-i hat\u00e1rozat k\u00e9pvisel\u0151-test\u00fclet 2021. \u00e9vi munkaterve<\/a><\/li>\n<li><a href=\"https:\/\/nagykokenyes.hu\/wp-content\/uploads\/2021\/01\/71-2020.XII_.31.-pm-i-hatarozat-Kozos-Hivatal-beszamoloja.pdf\">71-2020.(XII.31.) pm-i hat\u00e1rozat K\u00f6z\u00f6s Hivatal besz\u00e1mol\u00f3ja<\/a><\/li>\n<\/ul>\n","protected":false},"excerpt":{"rendered":"<p>8-2020.(III.26.)Pm-i hat\u00e1rozat AS K\u00f3rh\u00e1z Alap\u00edtv\u00e1ny t\u00e1mogat\u00e1sa 11-2020.(IV.21.) polg\u00e1rmesteri hat\u00e1rozat MFP eszk\u00f6zbeszerz\u00e9s p\u00e1ly\u00e1zat \u00e1raj\u00e1nlatok elb\u00edr\u00e1l\u00e1sa 13-2020.(IV.29.) polg\u00e1rmesteri hat\u00e1rozat. MFP Temet\u0151 Robotka Lajos \u00e1raj\u00e1nlat 15-2020.(IV.30.) polg\u00e1rmesteri hat\u00e1rozat Nagyk\u00f6k\u00e9nyes K\u00f6zs\u00e9g \u00d6nkorm\u00e1nyzat\u00e1nak Gazdas\u00e1gi Programja 17 &#8211; polg\u00e1rmesteri hat\u00e1rozat \u00d6KO-PLAN Egyes\u00fclet telephely l\u00e9tes\u00edt\u00e9se 19 &#8211; polg\u00e1rmesteri hat\u00e1rozat gyermekv\u00e9delmi \u00e1tfog\u00f3 \u00e9rt\u00e9kel\u00e9s elfogad\u00e1sa 24-polg\u00e1rmesteri hat\u00e1rozat szobrok \u00e1tad\u00e1sa 39-2020. pm. hat\u00e1rozat Csetneki Zsolt [&hellip;]<\/p>\n","protected":false},"author":3,"featured_media":0,"parent":0,"menu_order":0,"comment_status":"closed","ping_status":"closed","template":"","meta":{"footnotes":""},"class_list":["post-3880","page","type-page","status-publish","hentry"],"yoast_head":"<!-- This site is optimized with the Yoast SEO plugin v26.5 - https:\/\/yoast.com\/wordpress\/plugins\/seo\/ -->\n<title>2020. \u00e9vi vesz\u00e9lyhelyzet id\u0151szak alatti polg\u00e1rmesteri hat\u00e1rozatok - Nagyk\u00f6k\u00e9nyes K\u00f6zs\u00e9g \u00d6nkorm\u00e1nyzata<\/title>\n<meta name=\"robots\" content=\"index, follow, max-snippet:-1, max-image-preview:large, max-video-preview:-1\" \/>\n<link rel=\"canonical\" href=\"https:\/\/nagykokenyes.hu\/?page_id=3880\" \/>\n<meta property=\"og:locale\" content=\"hu_HU\" \/>\n<meta property=\"og:type\" content=\"article\" \/>\n<meta property=\"og:title\" content=\"2020. \u00e9vi vesz\u00e9lyhelyzet id\u0151szak alatti polg\u00e1rmesteri hat\u00e1rozatok - Nagyk\u00f6k\u00e9nyes K\u00f6zs\u00e9g \u00d6nkorm\u00e1nyzata\" \/>\n<meta property=\"og:description\" content=\"8-2020.(III.26.)Pm-i hat\u00e1rozat AS K\u00f3rh\u00e1z Alap\u00edtv\u00e1ny t\u00e1mogat\u00e1sa 11-2020.(IV.21.) polg\u00e1rmesteri hat\u00e1rozat MFP eszk\u00f6zbeszerz\u00e9s p\u00e1ly\u00e1zat \u00e1raj\u00e1nlatok elb\u00edr\u00e1l\u00e1sa 13-2020.(IV.29.) polg\u00e1rmesteri hat\u00e1rozat. MFP Temet\u0151 Robotka Lajos \u00e1raj\u00e1nlat 15-2020.(IV.30.) polg\u00e1rmesteri hat\u00e1rozat Nagyk\u00f6k\u00e9nyes K\u00f6zs\u00e9g \u00d6nkorm\u00e1nyzat\u00e1nak Gazdas\u00e1gi Programja 17 &#8211; polg\u00e1rmesteri hat\u00e1rozat \u00d6KO-PLAN Egyes\u00fclet telephely l\u00e9tes\u00edt\u00e9se 19 &#8211; polg\u00e1rmesteri hat\u00e1rozat gyermekv\u00e9delmi \u00e1tfog\u00f3 \u00e9rt\u00e9kel\u00e9s elfogad\u00e1sa 24-polg\u00e1rmesteri hat\u00e1rozat szobrok \u00e1tad\u00e1sa 39-2020. pm. hat\u00e1rozat Csetneki Zsolt [&hellip;]\" \/>\n<meta property=\"og:url\" content=\"https:\/\/nagykokenyes.hu\/?page_id=3880\" \/>\n<meta property=\"og:site_name\" content=\"Nagyk\u00f6k\u00e9nyes K\u00f6zs\u00e9g \u00d6nkorm\u00e1nyzata\" \/>\n<meta property=\"article:modified_time\" content=\"2021-01-15T16:59:18+00:00\" \/>\n<meta name=\"twitter:card\" content=\"summary_large_image\" \/>\n<meta name=\"twitter:label1\" content=\"Becs\u00fclt olvas\u00e1si id\u0151\" \/>\n\t<meta name=\"twitter:data1\" content=\"1 perc\" \/>\n<script type=\"application\/ld+json\" class=\"yoast-schema-graph\">{\"@context\":\"https:\/\/schema.org\",\"@graph\":[{\"@type\":\"WebPage\",\"@id\":\"https:\/\/nagykokenyes.hu\/?page_id=3880\",\"url\":\"https:\/\/nagykokenyes.hu\/?page_id=3880\",\"name\":\"2020. \u00e9vi vesz\u00e9lyhelyzet id\u0151szak alatti polg\u00e1rmesteri hat\u00e1rozatok - Nagyk\u00f6k\u00e9nyes K\u00f6zs\u00e9g \u00d6nkorm\u00e1nyzata\",\"isPartOf\":{\"@id\":\"https:\/\/nagykokenyes.hu\/#website\"},\"datePublished\":\"2021-01-15T16:44:51+00:00\",\"dateModified\":\"2021-01-15T16:59:18+00:00\",\"breadcrumb\":{\"@id\":\"https:\/\/nagykokenyes.hu\/?page_id=3880#breadcrumb\"},\"inLanguage\":\"hu\",\"potentialAction\":[{\"@type\":\"ReadAction\",\"target\":[\"https:\/\/nagykokenyes.hu\/?page_id=3880\"]}]},{\"@type\":\"BreadcrumbList\",\"@id\":\"https:\/\/nagykokenyes.hu\/?page_id=3880#breadcrumb\",\"itemListElement\":[{\"@type\":\"ListItem\",\"position\":1,\"name\":\"Kezd\u0151lap\",\"item\":\"https:\/\/nagykokenyes.hu\/\"},{\"@type\":\"ListItem\",\"position\":2,\"name\":\"2020. \u00e9vi vesz\u00e9lyhelyzet id\u0151szak alatti polg\u00e1rmesteri hat\u00e1rozatok\"}]},{\"@type\":\"WebSite\",\"@id\":\"https:\/\/nagykokenyes.hu\/#website\",\"url\":\"https:\/\/nagykokenyes.hu\/\",\"name\":\"Nagyk\u00f6k\u00e9nyes K\u00f6zs\u00e9g \u00d6nkorm\u00e1nyzata\",\"description\":\"\",\"potentialAction\":[{\"@type\":\"SearchAction\",\"target\":{\"@type\":\"EntryPoint\",\"urlTemplate\":\"https:\/\/nagykokenyes.hu\/?s={search_term_string}\"},\"query-input\":{\"@type\":\"PropertyValueSpecification\",\"valueRequired\":true,\"valueName\":\"search_term_string\"}}],\"inLanguage\":\"hu\"}]}<\/script>\n<!-- \/ Yoast SEO plugin. -->","yoast_head_json":{"title":"2020. \u00e9vi vesz\u00e9lyhelyzet id\u0151szak alatti polg\u00e1rmesteri hat\u00e1rozatok - Nagyk\u00f6k\u00e9nyes K\u00f6zs\u00e9g \u00d6nkorm\u00e1nyzata","robots":{"index":"index","follow":"follow","max-snippet":"max-snippet:-1","max-image-preview":"max-image-preview:large","max-video-preview":"max-video-preview:-1"},"canonical":"https:\/\/nagykokenyes.hu\/?page_id=3880","og_locale":"hu_HU","og_type":"article","og_title":"2020. \u00e9vi vesz\u00e9lyhelyzet id\u0151szak alatti polg\u00e1rmesteri hat\u00e1rozatok - Nagyk\u00f6k\u00e9nyes K\u00f6zs\u00e9g \u00d6nkorm\u00e1nyzata","og_description":"8-2020.(III.26.)Pm-i hat\u00e1rozat AS K\u00f3rh\u00e1z Alap\u00edtv\u00e1ny t\u00e1mogat\u00e1sa 11-2020.(IV.21.) polg\u00e1rmesteri hat\u00e1rozat MFP eszk\u00f6zbeszerz\u00e9s p\u00e1ly\u00e1zat \u00e1raj\u00e1nlatok elb\u00edr\u00e1l\u00e1sa 13-2020.(IV.29.) polg\u00e1rmesteri hat\u00e1rozat. MFP Temet\u0151 Robotka Lajos \u00e1raj\u00e1nlat 15-2020.(IV.30.) polg\u00e1rmesteri hat\u00e1rozat Nagyk\u00f6k\u00e9nyes K\u00f6zs\u00e9g \u00d6nkorm\u00e1nyzat\u00e1nak Gazdas\u00e1gi Programja 17 &#8211; polg\u00e1rmesteri hat\u00e1rozat \u00d6KO-PLAN Egyes\u00fclet telephely l\u00e9tes\u00edt\u00e9se 19 &#8211; polg\u00e1rmesteri hat\u00e1rozat gyermekv\u00e9delmi \u00e1tfog\u00f3 \u00e9rt\u00e9kel\u00e9s elfogad\u00e1sa 24-polg\u00e1rmesteri hat\u00e1rozat szobrok \u00e1tad\u00e1sa 39-2020. pm. hat\u00e1rozat Csetneki Zsolt [&hellip;]","og_url":"https:\/\/nagykokenyes.hu\/?page_id=3880","og_site_name":"Nagyk\u00f6k\u00e9nyes K\u00f6zs\u00e9g \u00d6nkorm\u00e1nyzata","article_modified_time":"2021-01-15T16:59:18+00:00","twitter_card":"summary_large_image","twitter_misc":{"Becs\u00fclt olvas\u00e1si id\u0151":"1 perc"},"schema":{"@context":"https:\/\/schema.org","@graph":[{"@type":"WebPage","@id":"https:\/\/nagykokenyes.hu\/?page_id=3880","url":"https:\/\/nagykokenyes.hu\/?page_id=3880","name":"2020. \u00e9vi vesz\u00e9lyhelyzet id\u0151szak alatti polg\u00e1rmesteri hat\u00e1rozatok - Nagyk\u00f6k\u00e9nyes K\u00f6zs\u00e9g \u00d6nkorm\u00e1nyzata","isPartOf":{"@id":"https:\/\/nagykokenyes.hu\/#website"},"datePublished":"2021-01-15T16:44:51+00:00","dateModified":"2021-01-15T16:59:18+00:00","breadcrumb":{"@id":"https:\/\/nagykokenyes.hu\/?page_id=3880#breadcrumb"},"inLanguage":"hu","potentialAction":[{"@type":"ReadAction","target":["https:\/\/nagykokenyes.hu\/?page_id=3880"]}]},{"@type":"BreadcrumbList","@id":"https:\/\/nagykokenyes.hu\/?page_id=3880#breadcrumb","itemListElement":[{"@type":"ListItem","position":1,"name":"Kezd\u0151lap","item":"https:\/\/nagykokenyes.hu\/"},{"@type":"ListItem","position":2,"name":"2020. \u00e9vi vesz\u00e9lyhelyzet id\u0151szak alatti polg\u00e1rmesteri hat\u00e1rozatok"}]},{"@type":"WebSite","@id":"https:\/\/nagykokenyes.hu\/#website","url":"https:\/\/nagykokenyes.hu\/","name":"Nagyk\u00f6k\u00e9nyes K\u00f6zs\u00e9g \u00d6nkorm\u00e1nyzata","description":"","potentialAction":[{"@type":"SearchAction","target":{"@type":"EntryPoint","urlTemplate":"https:\/\/nagykokenyes.hu\/?s={search_term_string}"},"query-input":{"@type":"PropertyValueSpecification","valueRequired":true,"valueName":"search_term_string"}}],"inLanguage":"hu"}]}},"_links":{"self":[{"href":"https:\/\/nagykokenyes.hu\/index.php?rest_route=\/wp\/v2\/pages\/3880","targetHints":{"allow":["GET"]}}],"collection":[{"href":"https:\/\/nagykokenyes.hu\/index.php?rest_route=\/wp\/v2\/pages"}],"about":[{"href":"https:\/\/nagykokenyes.hu\/index.php?rest_route=\/wp\/v2\/types\/page"}],"author":[{"embeddable":true,"href":"https:\/\/nagykokenyes.hu\/index.php?rest_route=\/wp\/v2\/users\/3"}],"replies":[{"embeddable":true,"href":"https:\/\/nagykokenyes.hu\/index.php?rest_route=%2Fwp%2Fv2%2Fcomments&post=3880"}],"version-history":[{"count":6,"href":"https:\/\/nagykokenyes.hu\/index.php?rest_route=\/wp\/v2\/pages\/3880\/revisions"}],"predecessor-version":[{"id":3909,"href":"https:\/\/nagykokenyes.hu\/index.php?rest_route=\/wp\/v2\/pages\/3880\/revisions\/3909"}],"wp:attachment":[{"href":"https:\/\/nagykokenyes.hu\/index.php?rest_route=%2Fwp%2Fv2%2Fmedia&parent=3880"}],"curies":[{"name":"wp","href":"https:\/\/api.w.org\/{rel}","templated":true}]}}